{"id":15050,"date":"2022-03-29T12:18:24","date_gmt":"2022-03-29T10:18:24","guid":{"rendered":"https:\/\/www.llealtulsa.com\/servicios\/assessoria-laboral\/"},"modified":"2023-11-17T10:22:55","modified_gmt":"2023-11-17T08:22:55","slug":"asesoria-laboral","status":"publish","type":"page","link":"https:\/\/www.llealtulsa.com\/es\/servicios\/asesoria-laboral\/","title":{"rendered":"Asesor\u00eda laboral"},"content":{"rendered":"\t\t<div data-elementor-type=\"wp-page\" data-elementor-id=\"15050\" class=\"elementor elementor-15050 elementor-13753\">\n\t\t\t\t\t\t<section class=\"elementor-section elementor-top-section elementor-element elementor-element-5af965c elementor-section-boxed elementor-section-height-default elementor-section-height-default qodef-elementor-content-no\" data-id=\"5af965c\" data-element_type=\"section\" data-e-type=\"section\">\n\t\t\t\t\t\t<div class=\"elementor-container elementor-column-gap-default\">\n\t\t\t\t\t<div class=\"elementor-column elementor-col-100 elementor-top-column elementor-element elementor-element-8d11603\" data-id=\"8d11603\" data-element_type=\"column\" data-e-type=\"column\">\n\t\t\t<div class=\"elementor-widget-wrap elementor-element-populated\">\n\t\t\t\t\t\t<div class=\"elementor-element elementor-element-c66c4a9 elementor-widget elementor-widget-valiance_core_section_title\" data-id=\"c66c4a9\" data-element_type=\"widget\" data-e-type=\"widget\" data-widget_type=\"valiance_core_section_title.default\">\n\t\t\t\t<div class=\"elementor-widget-container\">\n\t\t\t\t\t<div class=\"qodef-shortcode qodef-m  qodef-section-title qodef-alignment--left  \">\n\t\t<p class=\"qodef-m-subtitle\" style=\"color: #B23933;margin-bottom: 9px\">ASESOR\u00cdA INTEGRAL CON EXPERI\u00c8NCIA CONTRASTADA<\/p>\n\t\t<h2 class=\"qodef-m-title\" >\n\t\t\t\t\tAssessoria laboral\t\t\t<\/h2>\n\t\t<p class=\"qodef-m-text\" style=\"margin-top: 15px;font-size: 16px;line-height: 25px\">Des del \u00e1rea de Asesor\u00eda Laboral de Lleal Tuls\u00e0 Assessors orientamos a nuestros clientes en gesti\u00f3n laboral y relaciones laborales.<\/p>\n<\/div>\n\t\t\t\t<\/div>\n\t\t\t\t<\/div>\n\t\t\t\t\t<\/div>\n\t\t<\/div>\n\t\t\t\t\t<\/div>\n\t\t<\/section>\n\t\t\t\t<section class=\"elementor-section elementor-top-section elementor-element elementor-element-17c6ee8 elementor-section-boxed elementor-section-height-default elementor-section-height-default qodef-elementor-content-no\" data-id=\"17c6ee8\" data-element_type=\"section\" data-e-type=\"section\">\n\t\t\t\t\t\t<div class=\"elementor-container elementor-column-gap-default\">\n\t\t\t\t\t<div class=\"elementor-column elementor-col-50 elementor-top-column elementor-element elementor-element-90b3f31\" data-id=\"90b3f31\" data-element_type=\"column\" data-e-type=\"column\">\n\t\t\t<div class=\"elementor-widget-wrap elementor-element-populated\">\n\t\t\t\t\t\t<div class=\"elementor-element elementor-element-ffe8e33 elementor-widget elementor-widget-text-editor\" data-id=\"ffe8e33\" data-element_type=\"widget\" data-e-type=\"widget\" data-widget_type=\"text-editor.default\">\n\t\t\t\t<div class=\"elementor-widget-container\">\n\t\t\t\t\t\t\t\t\t<p>Ofrecemos un <strong>servicio personalizado<\/strong> adaptado a las necesidades de cada cliente, desde la incorporaci\u00f3n de personal, la relaci\u00f3n entre trabajador y empresa durante el per\u00edodo de la relaci\u00f3n laboral y la finalizaci\u00f3n de \u00e9sta. Y lo hacemos acompa\u00f1ando en todo momento la gesti\u00f3n de los recursos humanos de nuestros clientes.<\/p><p>Sabemos de la complejidad y la evoluci\u00f3n constante tanto de las relaciones laborales como de su variaci\u00f3n normativa, por eso, la actualizaci\u00f3n constante de nuestros profesionales nos permite ofrecer la mejor soluci\u00f3n ante cualquiera de los problemas planteados por nuestros clientes.<\/p>\t\t\t\t\t\t\t\t<\/div>\n\t\t\t\t<\/div>\n\t\t\t\t\t<\/div>\n\t\t<\/div>\n\t\t\t\t<div class=\"elementor-column elementor-col-50 elementor-top-column elementor-element elementor-element-7bf0bdf\" data-id=\"7bf0bdf\" data-element_type=\"column\" data-e-type=\"column\">\n\t\t\t<div class=\"elementor-widget-wrap elementor-element-populated\">\n\t\t\t\t\t\t<div class=\"elementor-element elementor-element-a9f114d elementor-widget elementor-widget-text-editor\" data-id=\"a9f114d\" data-element_type=\"widget\" data-e-type=\"widget\" data-widget_type=\"text-editor.default\">\n\t\t\t\t<div class=\"elementor-widget-container\">\n\t\t\t\t\t\t\t\t\t<p>Des de Lleal Tuls\u00e0 estamos especializados tambi\u00e9n en <strong>asesoramiento y gesti\u00f3n laboral de entidades y entes p\u00fablicos<\/strong>.<\/p><p>Tambi\u00e9n ofrecemos <strong>servicios a personas f\u00edsicas<\/strong>, asesor\u00e1ndoles en casos de <strong>incapacidades, estudios y planes de jubilaci\u00f3n, jubilaciones y asesoramiento en relaci\u00f3n con su situaci\u00f3n laboral<\/strong>.<\/p><p>Disponemos de <strong>herramientas inform\u00e1ticas<\/strong> que nos permiten ofrecer una <strong>gesti\u00f3n cooperativa y multidireccional<\/strong> en lo que se refiere a la gesti\u00f3n de los <strong>recursos humanos<\/strong>.<\/p>\t\t\t\t\t\t\t\t<\/div>\n\t\t\t\t<\/div>\n\t\t\t\t\t<\/div>\n\t\t<\/div>\n\t\t\t\t\t<\/div>\n\t\t<\/section>\n\t\t\t\t<section class=\"elementor-section elementor-top-section elementor-element elementor-element-d1e8ffb elementor-section-boxed elementor-section-height-default elementor-section-height-default qodef-elementor-content-no\" data-id=\"d1e8ffb\" data-element_type=\"section\" data-e-type=\"section\">\n\t\t\t\t\t\t<div class=\"elementor-container elementor-column-gap-default\">\n\t\t\t\t\t<div class=\"elementor-column elementor-col-100 elementor-top-column elementor-element elementor-element-c00b9de\" data-id=\"c00b9de\" data-element_type=\"column\" data-e-type=\"column\">\n\t\t\t<div class=\"elementor-widget-wrap elementor-element-populated\">\n\t\t\t\t\t\t<div class=\"elementor-element elementor-element-819c1ec elementor-widget elementor-widget-accordion\" data-id=\"819c1ec\" data-element_type=\"widget\" data-e-type=\"widget\" data-widget_type=\"accordion.default\">\n\t\t\t\t<div class=\"elementor-widget-container\">\n\t\t\t\t\t\t\t<div class=\"elementor-accordion\">\n\t\t\t\t\t\t\t<div class=\"elementor-accordion-item\">\n\t\t\t\t\t<h2 id=\"elementor-tab-title-1351\" class=\"elementor-tab-title\" data-tab=\"1\" role=\"button\" aria-controls=\"elementor-tab-content-1351\" aria-expanded=\"false\">\n\t\t\t\t\t\t\t\t\t\t\t\t\t<span class=\"elementor-accordion-icon elementor-accordion-icon-left\" aria-hidden=\"true\">\n\t\t\t\t\t\t\t\t\t\t\t\t\t\t\t<span class=\"elementor-accordion-icon-closed\"><svg xmlns=\"http:\/\/www.w3.org\/2000\/svg\" xmlns:xlink=\"http:\/\/www.w3.org\/1999\/xlink\" id=\"Layer_1\" x=\"0px\" y=\"0px\" viewBox=\"0 0 200 200\" style=\"enable-background:new 0 0 200 200;\" xml:space=\"preserve\"><style type=\"text\/css\">\t.st0{fill:#08090A;}<\/style><g>\t<g>\t\t<path class=\"st0\" d=\"M137.3,169.7H33.5c-1.2,0-2.1-1-2.1-2.1V63.5c0-1.2,1-2.1,2.1-2.1h103.9c1.2,0,2.1,1,2.1,2.1v104.1   C139.5,168.8,138.5,169.7,137.3,169.7z M35.6,165.4h99.6V65.7H35.6V165.4z\"><\/path>\t<\/g>\t<g>\t\t<path class=\"st0\" d=\"M166.5,138.6H62.7c-1.2,0-2.1-1-2.1-2.1v-35.8c0-1.2,1-2.1,2.1-2.1h26.5c1.2,0,2.1,1,2.1,2.1s-1,2.1-2.1,2.1   H64.8v31.5h99.6V34.6H64.8v28.9c0,1.2-1,2.1-2.1,2.1c-1.2,0-2.1-1-2.1-2.1V32.4c0-1.2,1-2.1,2.1-2.1h103.9c1.2,0,2.1,1,2.1,2.1   v104.1C168.7,137.7,167.7,138.6,166.5,138.6z\"><\/path>\t<\/g><\/g><\/svg><\/span>\n\t\t\t\t\t\t\t\t<span class=\"elementor-accordion-icon-opened\"><svg xmlns=\"http:\/\/www.w3.org\/2000\/svg\" xmlns:xlink=\"http:\/\/www.w3.org\/1999\/xlink\" id=\"Layer_1\" x=\"0px\" y=\"0px\" viewBox=\"0 0 200 200\" style=\"enable-background:new 0 0 200 200;\" xml:space=\"preserve\"><style type=\"text\/css\">\t.st0{fill:#08090A;}<\/style><g>\t<g>\t\t<path class=\"st0\" d=\"M137.3,169.7H33.5c-1.2,0-2.1-1-2.1-2.1V63.5c0-1.2,1-2.1,2.1-2.1h103.9c1.2,0,2.1,1,2.1,2.1v104.1   C139.5,168.8,138.5,169.7,137.3,169.7z M35.6,165.4h99.6V65.7H35.6V165.4z\"><\/path>\t<\/g>\t<g>\t\t<path class=\"st0\" d=\"M166.5,138.6H62.7c-1.2,0-2.1-1-2.1-2.1v-35.8c0-1.2,1-2.1,2.1-2.1h26.5c1.2,0,2.1,1,2.1,2.1s-1,2.1-2.1,2.1   H64.8v31.5h99.6V34.6H64.8v28.9c0,1.2-1,2.1-2.1,2.1c-1.2,0-2.1-1-2.1-2.1V32.4c0-1.2,1-2.1,2.1-2.1h103.9c1.2,0,2.1,1,2.1,2.1   v104.1C168.7,137.7,167.7,138.6,166.5,138.6z\"><\/path>\t<\/g><\/g><\/svg><\/span>\n\t\t\t\t\t\t\t\t\t\t\t\t\t\t<\/span>\n\t\t\t\t\t\t\t\t\t\t\t\t<a class=\"elementor-accordion-title\" tabindex=\"0\">Servicios de asesoramiento y gesti\u00f3n laboral<\/a>\n\t\t\t\t\t<\/h2>\n\t\t\t\t\t<div id=\"elementor-tab-content-1351\" class=\"elementor-tab-content elementor-clearfix\" data-tab=\"1\" role=\"region\" aria-labelledby=\"elementor-tab-title-1351\"><ul><li>Asesoramiento y servicios de prevenci\u00f3n de riesgos laborales<\/li><li>Asesoramiento y tramitaci\u00f3n de expedientes ante la Seguridad Social (jubilaci\u00f3n, viudedad, orfandad, maternidad, paternidad, invalidez\u2026), I.T. directo<\/li><li>Asesoramiento y confecci\u00f3n de convenios colectivos para empresas<\/li><li>Tramitaci\u00f3n de altas, bajas y modificaciones de aut\u00f3nomos<\/li><li>Tramitaci\u00f3n de altas\/bajas de cuenta de cotizaci\u00f3n en la Seguridad Social<\/li><li>Tramitaci\u00f3n de altas y bajas de los trabajadores<\/li><li>Redacci\u00f3n y confecci\u00f3n de todas las modalidades de contratos laborales<\/li><li>Tramitaci\u00f3n de bajas causadas por enfermedad (ILT) y accidentes laborales<\/li><li>Certificados de situaci\u00f3n familiar<\/li><li>Obtenci\u00f3n certificados de cotizaci\u00f3n y bases de cotizaci\u00f3n de la vida laboral<\/li><li>Despidos y liquidaciones de trabajadores<\/li><li>Preparaci\u00f3n de documentaci\u00f3n para el paro<\/li><li>Preparaci\u00f3n y tramitaci\u00f3n de capitalizaciones del paro<\/li><li>Liquidaciones de Seguridad Social<\/li><li>Estudio de costes laborales<\/li><li>Cartas de pago del IRPF tanto mensuales como trimestrales<\/li><li>Resumen anual de IRPF<\/li><li>Certificado de retenci\u00f3n de IRPF<\/li><li>Registro retributivo<\/li><li>Subvenciones<\/li><li>Plan de igualdad<\/li><\/ul><\/div>\n\t\t\t\t<\/div>\n\t\t\t\t\t\t\t<div class=\"elementor-accordion-item\">\n\t\t\t\t\t<h2 id=\"elementor-tab-title-1352\" class=\"elementor-tab-title\" data-tab=\"2\" role=\"button\" aria-controls=\"elementor-tab-content-1352\" aria-expanded=\"false\">\n\t\t\t\t\t\t\t\t\t\t\t\t\t<span class=\"elementor-accordion-icon elementor-accordion-icon-left\" aria-hidden=\"true\">\n\t\t\t\t\t\t\t\t\t\t\t\t\t\t\t<span class=\"elementor-accordion-icon-closed\"><svg xmlns=\"http:\/\/www.w3.org\/2000\/svg\" xmlns:xlink=\"http:\/\/www.w3.org\/1999\/xlink\" id=\"Layer_1\" x=\"0px\" y=\"0px\" viewBox=\"0 0 200 200\" style=\"enable-background:new 0 0 200 200;\" xml:space=\"preserve\"><style type=\"text\/css\">\t.st0{fill:#08090A;}<\/style><g>\t<g>\t\t<path class=\"st0\" d=\"M137.3,169.7H33.5c-1.2,0-2.1-1-2.1-2.1V63.5c0-1.2,1-2.1,2.1-2.1h103.9c1.2,0,2.1,1,2.1,2.1v104.1   C139.5,168.8,138.5,169.7,137.3,169.7z M35.6,165.4h99.6V65.7H35.6V165.4z\"><\/path>\t<\/g>\t<g>\t\t<path class=\"st0\" d=\"M166.5,138.6H62.7c-1.2,0-2.1-1-2.1-2.1v-35.8c0-1.2,1-2.1,2.1-2.1h26.5c1.2,0,2.1,1,2.1,2.1s-1,2.1-2.1,2.1   H64.8v31.5h99.6V34.6H64.8v28.9c0,1.2-1,2.1-2.1,2.1c-1.2,0-2.1-1-2.1-2.1V32.4c0-1.2,1-2.1,2.1-2.1h103.9c1.2,0,2.1,1,2.1,2.1   v104.1C168.7,137.7,167.7,138.6,166.5,138.6z\"><\/path>\t<\/g><\/g><\/svg><\/span>\n\t\t\t\t\t\t\t\t<span class=\"elementor-accordion-icon-opened\"><svg xmlns=\"http:\/\/www.w3.org\/2000\/svg\" xmlns:xlink=\"http:\/\/www.w3.org\/1999\/xlink\" id=\"Layer_1\" x=\"0px\" y=\"0px\" viewBox=\"0 0 200 200\" style=\"enable-background:new 0 0 200 200;\" xml:space=\"preserve\"><style type=\"text\/css\">\t.st0{fill:#08090A;}<\/style><g>\t<g>\t\t<path class=\"st0\" d=\"M137.3,169.7H33.5c-1.2,0-2.1-1-2.1-2.1V63.5c0-1.2,1-2.1,2.1-2.1h103.9c1.2,0,2.1,1,2.1,2.1v104.1   C139.5,168.8,138.5,169.7,137.3,169.7z M35.6,165.4h99.6V65.7H35.6V165.4z\"><\/path>\t<\/g>\t<g>\t\t<path class=\"st0\" d=\"M166.5,138.6H62.7c-1.2,0-2.1-1-2.1-2.1v-35.8c0-1.2,1-2.1,2.1-2.1h26.5c1.2,0,2.1,1,2.1,2.1s-1,2.1-2.1,2.1   H64.8v31.5h99.6V34.6H64.8v28.9c0,1.2-1,2.1-2.1,2.1c-1.2,0-2.1-1-2.1-2.1V32.4c0-1.2,1-2.1,2.1-2.1h103.9c1.2,0,2.1,1,2.1,2.1   v104.1C168.7,137.7,167.7,138.6,166.5,138.6z\"><\/path>\t<\/g><\/g><\/svg><\/span>\n\t\t\t\t\t\t\t\t\t\t\t\t\t\t<\/span>\n\t\t\t\t\t\t\t\t\t\t\t\t<a class=\"elementor-accordion-title\" tabindex=\"0\">Servicios de derecho jur\u00eddicolaboral<\/a>\n\t\t\t\t\t<\/h2>\n\t\t\t\t\t<div id=\"elementor-tab-content-1352\" class=\"elementor-tab-content elementor-clearfix\" data-tab=\"2\" role=\"region\" aria-labelledby=\"elementor-tab-title-1352\"><ul><li>Representaci\u00f3n frente una Inspecci\u00f3 de Treball<\/li><li>Representaci\u00f3n en conciliaciones del CMAC<\/li><li>Expedientes de Regulaci\u00f3n d\u2019Ocupaci\u00f3n (ERO)<\/li><\/ul><\/div>\n\t\t\t\t<\/div>\n\t\t\t\t\t\t\t\t<\/div>\n\t\t\t\t\t\t<\/div>\n\t\t\t\t<\/div>\n\t\t\t\t\t<\/div>\n\t\t<\/div>\n\t\t\t\t\t<\/div>\n\t\t<\/section>\n\t\t\t\t<\/div>\n\t\t","protected":false},"excerpt":{"rendered":"<p>ASESOR\u00cdA INTEGRAL CON EXPERI\u00c8NCIA CONTRASTADA Assessoria laboral Des del \u00e1rea de Asesor\u00eda Laboral de Lleal Tuls\u00e0 Assessors orientamos a nuestros clientes en gesti\u00f3n laboral y relaciones laborales. Ofrecemos un servicio personalizado adaptado a las necesidades de cada cliente, desde la incorporaci\u00f3n de personal, la relaci\u00f3n entre trabajador y empresa durante el per\u00edodo de la relaci\u00f3n [&hellip;]<\/p>\n","protected":false},"author":1,"featured_media":0,"parent":15037,"menu_order":0,"comment_status":"closed","ping_status":"closed","template":"page-full-width.php","meta":{"inline_featured_image":false,"footnotes":""},"class_list":["post-15050","page","type-page","status-publish","hentry"],"yoast_head":"<!-- This site is optimized with the Yoast SEO plugin v27.4 - https:\/\/yoast.com\/product\/yoast-seo-wordpress\/ -->\n<title>Asesor\u00eda laboral | Lleal Tuls\u00e0 Assessors | Servicios<\/title>\n<meta name=\"description\" content=\"Des del \u00e1rea de Asesor\u00eda Laboral de Lleal Tuls\u00e0 Assessors orientamos a nuestros clientes en gesti\u00f3n laboral y relaciones laborales.\" \/>\n<meta name=\"robots\" content=\"index, follow, max-snippet:-1, max-image-preview:large, max-video-preview:-1\" \/>\n<link rel=\"canonical\" href=\"https:\/\/www.llealtulsa.com\/serveis\/assessoria-laboral\/\" \/>\n<meta property=\"og:locale\" content=\"es_ES\" \/>\n<meta property=\"og:type\" content=\"article\" \/>\n<meta property=\"og:title\" content=\"Asesor\u00eda laboral | Lleal Tuls\u00e0 Assessors | Servicios\" \/>\n<meta property=\"og:description\" content=\"Des del \u00e1rea de Asesor\u00eda Laboral de Lleal Tuls\u00e0 Assessors orientamos a nuestros clientes en gesti\u00f3n laboral y relaciones laborales.\" \/>\n<meta property=\"og:url\" content=\"https:\/\/www.llealtulsa.com\/serveis\/assessoria-laboral\/\" \/>\n<meta property=\"og:site_name\" content=\"Lleal Tuls\u00e0 Assessors\" \/>\n<meta property=\"article:publisher\" content=\"https:\/\/www.facebook.com\/LlealTulsaAssessors\" \/>\n<meta property=\"article:modified_time\" content=\"2023-11-17T08:22:55+00:00\" \/>\n<meta name=\"twitter:label1\" content=\"Tiempo de lectura\" \/>\n\t<meta name=\"twitter:data1\" content=\"2 minutos\" \/>\n<script type=\"application\/ld+json\" class=\"yoast-schema-graph\">{\"@context\":\"https:\\\/\\\/schema.org\",\"@graph\":[{\"@type\":\"WebPage\",\"@id\":\"https:\\\/\\\/www.llealtulsa.com\\\/serveis\\\/assessoria-laboral\\\/\",\"url\":\"https:\\\/\\\/www.llealtulsa.com\\\/serveis\\\/assessoria-laboral\\\/\",\"name\":\"Asesor\u00eda laboral | Lleal Tuls\u00e0 Assessors | Servicios\",\"isPartOf\":{\"@id\":\"https:\\\/\\\/www.llealtulsa.com\\\/#website\"},\"datePublished\":\"2022-03-29T10:18:24+00:00\",\"dateModified\":\"2023-11-17T08:22:55+00:00\",\"description\":\"Des del \u00e1rea de Asesor\u00eda Laboral de Lleal Tuls\u00e0 Assessors orientamos a nuestros clientes en gesti\u00f3n laboral y relaciones laborales.\",\"breadcrumb\":{\"@id\":\"https:\\\/\\\/www.llealtulsa.com\\\/serveis\\\/assessoria-laboral\\\/#breadcrumb\"},\"inLanguage\":\"es\",\"potentialAction\":[{\"@type\":\"ReadAction\",\"target\":[\"https:\\\/\\\/www.llealtulsa.com\\\/serveis\\\/assessoria-laboral\\\/\"]}]},{\"@type\":\"BreadcrumbList\",\"@id\":\"https:\\\/\\\/www.llealtulsa.com\\\/serveis\\\/assessoria-laboral\\\/#breadcrumb\",\"itemListElement\":[{\"@type\":\"ListItem\",\"position\":1,\"name\":\"Inici\",\"item\":\"https:\\\/\\\/www.llealtulsa.com\\\/\"},{\"@type\":\"ListItem\",\"position\":2,\"name\":\"Nuestros servicios\",\"item\":\"https:\\\/\\\/www.llealtulsa.com\\\/es\\\/servicios\\\/\"},{\"@type\":\"ListItem\",\"position\":3,\"name\":\"Asesor\u00eda laboral\"}]},{\"@type\":\"WebSite\",\"@id\":\"https:\\\/\\\/www.llealtulsa.com\\\/#website\",\"url\":\"https:\\\/\\\/www.llealtulsa.com\\\/\",\"name\":\"Lleal Tuls\u00e0 Assessors\",\"description\":\"Asesoramiento integral para particulares y empresas desde 1984\",\"publisher\":{\"@id\":\"https:\\\/\\\/www.llealtulsa.com\\\/#organization\"},\"potentialAction\":[{\"@type\":\"SearchAction\",\"target\":{\"@type\":\"EntryPoint\",\"urlTemplate\":\"https:\\\/\\\/www.llealtulsa.com\\\/?s={search_term_string}\"},\"query-input\":{\"@type\":\"PropertyValueSpecification\",\"valueRequired\":true,\"valueName\":\"search_term_string\"}}],\"inLanguage\":\"es\"},{\"@type\":\"Organization\",\"@id\":\"https:\\\/\\\/www.llealtulsa.com\\\/#organization\",\"name\":\"Lleal Tuls\u00e0\",\"url\":\"https:\\\/\\\/www.llealtulsa.com\\\/\",\"logo\":{\"@type\":\"ImageObject\",\"inLanguage\":\"es\",\"@id\":\"https:\\\/\\\/www.llealtulsa.com\\\/#\\\/schema\\\/logo\\\/image\\\/\",\"url\":\"https:\\\/\\\/www.llealtulsa.com\\\/wp-content\\\/uploads\\\/2014\\\/04\\\/logo-lleal-tulsa-500px.png\",\"contentUrl\":\"https:\\\/\\\/www.llealtulsa.com\\\/wp-content\\\/uploads\\\/2014\\\/04\\\/logo-lleal-tulsa-500px.png\",\"width\":500,\"height\":150,\"caption\":\"Lleal Tuls\u00e0\"},\"image\":{\"@id\":\"https:\\\/\\\/www.llealtulsa.com\\\/#\\\/schema\\\/logo\\\/image\\\/\"},\"sameAs\":[\"https:\\\/\\\/www.facebook.com\\\/LlealTulsaAssessors\",\"https:\\\/\\\/x.com\\\/lleal_tulsa\",\"https:\\\/\\\/www.instagram.com\\\/llealtulsa\\\/\",\"https:\\\/\\\/www.linkedin.com\\\/company\\\/lleal-tuls-assessors\\\/\",\"https:\\\/\\\/www.youtube.com\\\/channel\\\/UCxLROGtt5RbLQakAFn6dVqw\"]}]}<\/script>\n<!-- \/ Yoast SEO plugin. -->","yoast_head_json":{"title":"Asesor\u00eda laboral | Lleal Tuls\u00e0 Assessors | Servicios","description":"Des del \u00e1rea de Asesor\u00eda Laboral de Lleal Tuls\u00e0 Assessors orientamos a nuestros clientes en gesti\u00f3n laboral y relaciones laborales.","robots":{"index":"index","follow":"follow","max-snippet":"max-snippet:-1","max-image-preview":"max-image-preview:large","max-video-preview":"max-video-preview:-1"},"canonical":"https:\/\/www.llealtulsa.com\/serveis\/assessoria-laboral\/","og_locale":"es_ES","og_type":"article","og_title":"Asesor\u00eda laboral | Lleal Tuls\u00e0 Assessors | Servicios","og_description":"Des del \u00e1rea de Asesor\u00eda Laboral de Lleal Tuls\u00e0 Assessors orientamos a nuestros clientes en gesti\u00f3n laboral y relaciones laborales.","og_url":"https:\/\/www.llealtulsa.com\/serveis\/assessoria-laboral\/","og_site_name":"Lleal Tuls\u00e0 Assessors","article_publisher":"https:\/\/www.facebook.com\/LlealTulsaAssessors","article_modified_time":"2023-11-17T08:22:55+00:00","twitter_misc":{"Tiempo de lectura":"2 minutos"},"schema":{"@context":"https:\/\/schema.org","@graph":[{"@type":"WebPage","@id":"https:\/\/www.llealtulsa.com\/serveis\/assessoria-laboral\/","url":"https:\/\/www.llealtulsa.com\/serveis\/assessoria-laboral\/","name":"Asesor\u00eda laboral | Lleal Tuls\u00e0 Assessors | Servicios","isPartOf":{"@id":"https:\/\/www.llealtulsa.com\/#website"},"datePublished":"2022-03-29T10:18:24+00:00","dateModified":"2023-11-17T08:22:55+00:00","description":"Des del \u00e1rea de Asesor\u00eda Laboral de Lleal Tuls\u00e0 Assessors orientamos a nuestros clientes en gesti\u00f3n laboral y relaciones laborales.","breadcrumb":{"@id":"https:\/\/www.llealtulsa.com\/serveis\/assessoria-laboral\/#breadcrumb"},"inLanguage":"es","potentialAction":[{"@type":"ReadAction","target":["https:\/\/www.llealtulsa.com\/serveis\/assessoria-laboral\/"]}]},{"@type":"BreadcrumbList","@id":"https:\/\/www.llealtulsa.com\/serveis\/assessoria-laboral\/#breadcrumb","itemListElement":[{"@type":"ListItem","position":1,"name":"Inici","item":"https:\/\/www.llealtulsa.com\/"},{"@type":"ListItem","position":2,"name":"Nuestros servicios","item":"https:\/\/www.llealtulsa.com\/es\/servicios\/"},{"@type":"ListItem","position":3,"name":"Asesor\u00eda laboral"}]},{"@type":"WebSite","@id":"https:\/\/www.llealtulsa.com\/#website","url":"https:\/\/www.llealtulsa.com\/","name":"Lleal Tuls\u00e0 Assessors","description":"Asesoramiento integral para particulares y empresas desde 1984","publisher":{"@id":"https:\/\/www.llealtulsa.com\/#organization"},"potentialAction":[{"@type":"SearchAction","target":{"@type":"EntryPoint","urlTemplate":"https:\/\/www.llealtulsa.com\/?s={search_term_string}"},"query-input":{"@type":"PropertyValueSpecification","valueRequired":true,"valueName":"search_term_string"}}],"inLanguage":"es"},{"@type":"Organization","@id":"https:\/\/www.llealtulsa.com\/#organization","name":"Lleal Tuls\u00e0","url":"https:\/\/www.llealtulsa.com\/","logo":{"@type":"ImageObject","inLanguage":"es","@id":"https:\/\/www.llealtulsa.com\/#\/schema\/logo\/image\/","url":"https:\/\/www.llealtulsa.com\/wp-content\/uploads\/2014\/04\/logo-lleal-tulsa-500px.png","contentUrl":"https:\/\/www.llealtulsa.com\/wp-content\/uploads\/2014\/04\/logo-lleal-tulsa-500px.png","width":500,"height":150,"caption":"Lleal Tuls\u00e0"},"image":{"@id":"https:\/\/www.llealtulsa.com\/#\/schema\/logo\/image\/"},"sameAs":["https:\/\/www.facebook.com\/LlealTulsaAssessors","https:\/\/x.com\/lleal_tulsa","https:\/\/www.instagram.com\/llealtulsa\/","https:\/\/www.linkedin.com\/company\/lleal-tuls-assessors\/","https:\/\/www.youtube.com\/channel\/UCxLROGtt5RbLQakAFn6dVqw"]}]}},"_links":{"self":[{"href":"https:\/\/www.llealtulsa.com\/es\/wp-json\/wp\/v2\/pages\/15050","targetHints":{"allow":["GET"]}}],"collection":[{"href":"https:\/\/www.llealtulsa.com\/es\/wp-json\/wp\/v2\/pages"}],"about":[{"href":"https:\/\/www.llealtulsa.com\/es\/wp-json\/wp\/v2\/types\/page"}],"author":[{"embeddable":true,"href":"https:\/\/www.llealtulsa.com\/es\/wp-json\/wp\/v2\/users\/1"}],"replies":[{"embeddable":true,"href":"https:\/\/www.llealtulsa.com\/es\/wp-json\/wp\/v2\/comments?post=15050"}],"version-history":[{"count":5,"href":"https:\/\/www.llealtulsa.com\/es\/wp-json\/wp\/v2\/pages\/15050\/revisions"}],"predecessor-version":[{"id":17062,"href":"https:\/\/www.llealtulsa.com\/es\/wp-json\/wp\/v2\/pages\/15050\/revisions\/17062"}],"up":[{"embeddable":true,"href":"https:\/\/www.llealtulsa.com\/es\/wp-json\/wp\/v2\/pages\/15037"}],"wp:attachment":[{"href":"https:\/\/www.llealtulsa.com\/es\/wp-json\/wp\/v2\/media?parent=15050"}],"curies":[{"name":"wp","href":"https:\/\/api.w.org\/{rel}","templated":true}]}}