{"id":15132,"date":"2022-03-29T16:22:02","date_gmt":"2022-03-29T14:22:02","guid":{"rendered":"https:\/\/www.llealtulsa.com\/servicios\/proteccio-de-dades\/"},"modified":"2023-11-17T10:29:27","modified_gmt":"2023-11-17T08:29:27","slug":"proteccion-de-datos","status":"publish","type":"page","link":"https:\/\/www.llealtulsa.com\/es\/servicios\/proteccion-de-datos\/","title":{"rendered":"Protecci\u00f3n de datos"},"content":{"rendered":"\t\t<div data-elementor-type=\"wp-page\" data-elementor-id=\"15132\" class=\"elementor elementor-15132 elementor-13957\">\n\t\t\t\t\t\t<section class=\"elementor-section elementor-top-section elementor-element elementor-element-5af965c elementor-section-boxed elementor-section-height-default elementor-section-height-default qodef-elementor-content-no\" data-id=\"5af965c\" data-element_type=\"section\" data-e-type=\"section\">\n\t\t\t\t\t\t<div class=\"elementor-container elementor-column-gap-default\">\n\t\t\t\t\t<div class=\"elementor-column elementor-col-100 elementor-top-column elementor-element elementor-element-8d11603\" data-id=\"8d11603\" data-element_type=\"column\" data-e-type=\"column\">\n\t\t\t<div class=\"elementor-widget-wrap elementor-element-populated\">\n\t\t\t\t\t\t<div class=\"elementor-element elementor-element-c66c4a9 elementor-widget elementor-widget-valiance_core_section_title\" data-id=\"c66c4a9\" data-element_type=\"widget\" data-e-type=\"widget\" data-widget_type=\"valiance_core_section_title.default\">\n\t\t\t\t<div class=\"elementor-widget-container\">\n\t\t\t\t\t<div class=\"qodef-shortcode qodef-m  qodef-section-title qodef-alignment--left  \">\n\t\t<p class=\"qodef-m-subtitle\" style=\"color: #B23933;margin-bottom: 9px\">ASESOR\u00cdA INTEGRAL CON EXPERI\u00c8NCIA CONTRASTADA<\/p>\n\t\t<h2 class=\"qodef-m-title\" >\n\t\t\t\t\tProtecci\u00f3n de datos\t\t\t<\/h2>\n\t<\/div>\n\t\t\t\t<\/div>\n\t\t\t\t<\/div>\n\t\t\t\t\t<\/div>\n\t\t<\/div>\n\t\t\t\t\t<\/div>\n\t\t<\/section>\n\t\t\t\t<section class=\"elementor-section elementor-top-section elementor-element elementor-element-17c6ee8 elementor-section-boxed elementor-section-height-default elementor-section-height-default qodef-elementor-content-no\" data-id=\"17c6ee8\" data-element_type=\"section\" data-e-type=\"section\">\n\t\t\t\t\t\t<div class=\"elementor-container elementor-column-gap-default\">\n\t\t\t\t\t<div class=\"elementor-column elementor-col-100 elementor-top-column elementor-element elementor-element-90b3f31\" data-id=\"90b3f31\" data-element_type=\"column\" data-e-type=\"column\">\n\t\t\t<div class=\"elementor-widget-wrap elementor-element-populated\">\n\t\t\t\t\t\t<div class=\"elementor-element elementor-element-ffe8e33 elementor-widget elementor-widget-text-editor\" data-id=\"ffe8e33\" data-element_type=\"widget\" data-e-type=\"widget\" data-widget_type=\"text-editor.default\">\n\t\t\t\t<div class=\"elementor-widget-container\">\n\t\t\t\t\t\t\t\t\t<p>El \u00e1rea de implementaci\u00f3n y adecuaci\u00f3n de la ley de protecci\u00f3n de datos en la empresa te ofrece un servicio personalizado para dar respuesta a las obligaciones legales a las que se refieren la normativa vigente sobre esta tem\u00e1tica:<\/p><ul><li><strong>El Reglamento (UE) 2016\/679 del Parlamento Europeo y del Consejo de 27 de abril de 2016, relativo a la protecci\u00f3n de las personas f\u00edsicas en lo que respecta al tratamiento de datos personales y a la libre circulaci\u00f3n de estos datos (RGPD).<\/strong><\/li><\/ul><p>La importancia del Reglamento recae en que ha permitido una armonizaci\u00f3n de la legislaci\u00f3n en el marco de la Uni\u00f3n Europea, obligando tambi\u00e9n a empresas de fuera de la UE que quieran operar en el territorio europeo a cumplir con las pautas sobre protecci\u00f3n de datos y, asegurando as\u00ed, un marco legal m\u00e1s s\u00f3lido y coherente a nivel general que permite reforzar la seguridad jur\u00eddica y transparencia por parte de las empresas de cara a sus clientes.<\/p><p>\u00a0<\/p><ul><li><strong>La Ley Org\u00e1nica 3\/2018, de 5 de diciembre, de protecci\u00f3n de datos personales y garant\u00eda de los derechos digitales (LOPDGDD).<\/strong><\/li><\/ul><p>En 2018 se aprob\u00f3 esta nueva Ley para adaptar la legislaci\u00f3n espa\u00f1ola al Reglamento General de Protecci\u00f3n de Datos comentando anteriormente y, por tanto, qued\u00f3 derogada la anterior normativa que regulaba esta materia, la conocida LO 15\/1999 de Protecci\u00f3n de Datos Datos de Car\u00e1cter Personal.<\/p>\t\t\t\t\t\t\t\t<\/div>\n\t\t\t\t<\/div>\n\t\t\t\t\t<\/div>\n\t\t<\/div>\n\t\t\t\t\t<\/div>\n\t\t<\/section>\n\t\t\t\t<section class=\"elementor-section elementor-top-section elementor-element elementor-element-62867ae elementor-section-boxed elementor-section-height-default elementor-section-height-default qodef-elementor-content-no\" data-id=\"62867ae\" data-element_type=\"section\" data-e-type=\"section\">\n\t\t\t\t\t\t<div class=\"elementor-container elementor-column-gap-default\">\n\t\t\t\t\t<div class=\"elementor-column elementor-col-100 elementor-top-column elementor-element elementor-element-0980cd2\" data-id=\"0980cd2\" data-element_type=\"column\" data-e-type=\"column\">\n\t\t\t<div class=\"elementor-widget-wrap elementor-element-populated\">\n\t\t\t\t\t\t<div class=\"elementor-element elementor-element-164ba6f elementor-widget elementor-widget-accordion\" data-id=\"164ba6f\" data-element_type=\"widget\" data-e-type=\"widget\" data-widget_type=\"accordion.default\">\n\t\t\t\t<div class=\"elementor-widget-container\">\n\t\t\t\t\t\t\t<div class=\"elementor-accordion\">\n\t\t\t\t\t\t\t<div class=\"elementor-accordion-item\">\n\t\t\t\t\t<h2 id=\"elementor-tab-title-2331\" class=\"elementor-tab-title\" data-tab=\"1\" role=\"button\" aria-controls=\"elementor-tab-content-2331\" aria-expanded=\"false\">\n\t\t\t\t\t\t\t\t\t\t\t\t\t<span class=\"elementor-accordion-icon elementor-accordion-icon-left\" aria-hidden=\"true\">\n\t\t\t\t\t\t\t\t\t\t\t\t\t\t\t<span class=\"elementor-accordion-icon-closed\"><svg xmlns=\"http:\/\/www.w3.org\/2000\/svg\" xmlns:xlink=\"http:\/\/www.w3.org\/1999\/xlink\" id=\"Layer_1\" x=\"0px\" y=\"0px\" viewBox=\"0 0 200 200\" style=\"enable-background:new 0 0 200 200;\" xml:space=\"preserve\"><style type=\"text\/css\">\t.st0{fill:#08090A;}<\/style><g>\t<path class=\"st0\" d=\"M139,169.4H61c-0.8,0-1.5-0.4-1.8-1.1c-0.4-0.7-0.4-1.5,0-2.1l4.7-7.8l56.4-92c0.6-1,1.9-1.3,2.9-0.7  c1,0.6,1.3,1.9,0.7,2.9l-56.4,92l-2.8,4.6h73.1l37.8-65l-37.8-65H62.2l-37.8,65L56.9,156c0.6,1,0.2,2.3-0.8,2.9  c-1,0.6-2.3,0.2-2.9-0.8l-33.1-57c-0.4-0.7-0.4-1.5,0-2.1l39-67.1c0.4-0.6,1.1-1,1.8-1h78c0.7,0,1.4,0.4,1.8,1l39,67.1  c0.4,0.7,0.4,1.5,0,2.1l-39,67.1C140.4,169,139.7,169.4,139,169.4\"><\/path>\t<path class=\"st0\" d=\"M90.7,120.7c-1.2,0-2.1-0.9-2.1-2.1c0-1.2,0.9-2.1,2.1-2.1l76.9-0.6h0c1.2,0,2.1,0.9,2.1,2.1  c0,1.2-0.9,2.1-2.1,2.1L90.7,120.7L90.7,120.7z\"><\/path><\/g><\/svg><\/span>\n\t\t\t\t\t\t\t\t<span class=\"elementor-accordion-icon-opened\"><svg xmlns=\"http:\/\/www.w3.org\/2000\/svg\" xmlns:xlink=\"http:\/\/www.w3.org\/1999\/xlink\" id=\"Layer_1\" x=\"0px\" y=\"0px\" viewBox=\"0 0 200 200\" style=\"enable-background:new 0 0 200 200;\" xml:space=\"preserve\"><style type=\"text\/css\">\t.st0{fill:#08090A;}<\/style><g>\t<path class=\"st0\" d=\"M139,169.4H61c-0.8,0-1.5-0.4-1.8-1.1c-0.4-0.7-0.4-1.5,0-2.1l4.7-7.8l56.4-92c0.6-1,1.9-1.3,2.9-0.7  c1,0.6,1.3,1.9,0.7,2.9l-56.4,92l-2.8,4.6h73.1l37.8-65l-37.8-65H62.2l-37.8,65L56.9,156c0.6,1,0.2,2.3-0.8,2.9  c-1,0.6-2.3,0.2-2.9-0.8l-33.1-57c-0.4-0.7-0.4-1.5,0-2.1l39-67.1c0.4-0.6,1.1-1,1.8-1h78c0.7,0,1.4,0.4,1.8,1l39,67.1  c0.4,0.7,0.4,1.5,0,2.1l-39,67.1C140.4,169,139.7,169.4,139,169.4\"><\/path>\t<path class=\"st0\" d=\"M90.7,120.7c-1.2,0-2.1-0.9-2.1-2.1c0-1.2,0.9-2.1,2.1-2.1l76.9-0.6h0c1.2,0,2.1,0.9,2.1,2.1  c0,1.2-0.9,2.1-2.1,2.1L90.7,120.7L90.7,120.7z\"><\/path><\/g><\/svg><\/span>\n\t\t\t\t\t\t\t\t\t\t\t\t\t\t<\/span>\n\t\t\t\t\t\t\t\t\t\t\t\t<a class=\"elementor-accordion-title\" tabindex=\"0\">\u00bfC\u00f3mo saber si tu empresa est\u00e1 obligada a implementar la protecci\u00f3n de datos personales?<\/a>\n\t\t\t\t\t<\/h2>\n\t\t\t\t\t<div id=\"elementor-tab-content-2331\" class=\"elementor-tab-content elementor-clearfix\" data-tab=\"1\" role=\"region\" aria-labelledby=\"elementor-tab-title-2331\"><p>Para saber es necesario solo hace falta que te preguntes si en el desarrollo de la actividad profesional que realizas hace falta alg\u00fan tratamiento de datos personales ya sea de trabajadores, clientes, voluntarios, asociados o similares. En caso de que la respuesta sea afirmativa, ya puedes hacerte en la idea de que ser\u00e1 necesario desarrollar una pol\u00edtica de protecci\u00f3n de datos e implementarla.<\/p><p>Aun as\u00ed, hay que tener en cuenta que no todas las organizaciones o empresas utilizan el mismo tipo de datos personales, ni siquiera realizan los mismos tratamientos; por este motivo, ser\u00e1 necesario realizar un estudio personalizado para saber qu\u00e9 tipo de implementaci\u00f3n es m\u00e1s adecuada.<\/p><\/div>\n\t\t\t\t<\/div>\n\t\t\t\t\t\t\t<div class=\"elementor-accordion-item\">\n\t\t\t\t\t<h2 id=\"elementor-tab-title-2332\" class=\"elementor-tab-title\" data-tab=\"2\" role=\"button\" aria-controls=\"elementor-tab-content-2332\" aria-expanded=\"false\">\n\t\t\t\t\t\t\t\t\t\t\t\t\t<span class=\"elementor-accordion-icon elementor-accordion-icon-left\" aria-hidden=\"true\">\n\t\t\t\t\t\t\t\t\t\t\t\t\t\t\t<span class=\"elementor-accordion-icon-closed\"><svg xmlns=\"http:\/\/www.w3.org\/2000\/svg\" xmlns:xlink=\"http:\/\/www.w3.org\/1999\/xlink\" id=\"Layer_1\" x=\"0px\" y=\"0px\" viewBox=\"0 0 200 200\" style=\"enable-background:new 0 0 200 200;\" xml:space=\"preserve\"><style type=\"text\/css\">\t.st0{fill:#08090A;}<\/style><g>\t<path class=\"st0\" d=\"M139,169.4H61c-0.8,0-1.5-0.4-1.8-1.1c-0.4-0.7-0.4-1.5,0-2.1l4.7-7.8l56.4-92c0.6-1,1.9-1.3,2.9-0.7  c1,0.6,1.3,1.9,0.7,2.9l-56.4,92l-2.8,4.6h73.1l37.8-65l-37.8-65H62.2l-37.8,65L56.9,156c0.6,1,0.2,2.3-0.8,2.9  c-1,0.6-2.3,0.2-2.9-0.8l-33.1-57c-0.4-0.7-0.4-1.5,0-2.1l39-67.1c0.4-0.6,1.1-1,1.8-1h78c0.7,0,1.4,0.4,1.8,1l39,67.1  c0.4,0.7,0.4,1.5,0,2.1l-39,67.1C140.4,169,139.7,169.4,139,169.4\"><\/path>\t<path class=\"st0\" d=\"M90.7,120.7c-1.2,0-2.1-0.9-2.1-2.1c0-1.2,0.9-2.1,2.1-2.1l76.9-0.6h0c1.2,0,2.1,0.9,2.1,2.1  c0,1.2-0.9,2.1-2.1,2.1L90.7,120.7L90.7,120.7z\"><\/path><\/g><\/svg><\/span>\n\t\t\t\t\t\t\t\t<span class=\"elementor-accordion-icon-opened\"><svg xmlns=\"http:\/\/www.w3.org\/2000\/svg\" xmlns:xlink=\"http:\/\/www.w3.org\/1999\/xlink\" id=\"Layer_1\" x=\"0px\" y=\"0px\" viewBox=\"0 0 200 200\" style=\"enable-background:new 0 0 200 200;\" xml:space=\"preserve\"><style type=\"text\/css\">\t.st0{fill:#08090A;}<\/style><g>\t<path class=\"st0\" d=\"M139,169.4H61c-0.8,0-1.5-0.4-1.8-1.1c-0.4-0.7-0.4-1.5,0-2.1l4.7-7.8l56.4-92c0.6-1,1.9-1.3,2.9-0.7  c1,0.6,1.3,1.9,0.7,2.9l-56.4,92l-2.8,4.6h73.1l37.8-65l-37.8-65H62.2l-37.8,65L56.9,156c0.6,1,0.2,2.3-0.8,2.9  c-1,0.6-2.3,0.2-2.9-0.8l-33.1-57c-0.4-0.7-0.4-1.5,0-2.1l39-67.1c0.4-0.6,1.1-1,1.8-1h78c0.7,0,1.4,0.4,1.8,1l39,67.1  c0.4,0.7,0.4,1.5,0,2.1l-39,67.1C140.4,169,139.7,169.4,139,169.4\"><\/path>\t<path class=\"st0\" d=\"M90.7,120.7c-1.2,0-2.1-0.9-2.1-2.1c0-1.2,0.9-2.1,2.1-2.1l76.9-0.6h0c1.2,0,2.1,0.9,2.1,2.1  c0,1.2-0.9,2.1-2.1,2.1L90.7,120.7L90.7,120.7z\"><\/path><\/g><\/svg><\/span>\n\t\t\t\t\t\t\t\t\t\t\t\t\t\t<\/span>\n\t\t\t\t\t\t\t\t\t\t\t\t<a class=\"elementor-accordion-title\" tabindex=\"0\">La responsabilidad proactiva de la empresa<\/a>\n\t\t\t\t\t<\/h2>\n\t\t\t\t\t<div id=\"elementor-tab-content-2332\" class=\"elementor-tab-content elementor-clearfix\" data-tab=\"2\" role=\"region\" aria-labelledby=\"elementor-tab-title-2332\"><p>El responsable del tractament ha de complir el que estableix la normativa vigent en protecci\u00f3 de dades i, a m\u00e9s a m\u00e9s, ha de poder demostrar davant de tercers la seva aplicaci\u00f3 efectiva; aix\u00f2 \u00e9s el que es coneix com responsabilitat proactiva i la mateixa ve recollida a l\u2019article 5.2 del RGPD.<\/p><p>En aquest sentit, cal ser conscients que una implementaci\u00f3 inicial no ser\u00e0 suficient per al correcte compliment de la normativa en mat\u00e8ria de protecci\u00f3 de dades i per tan, el servei que ofereix Lleal Tuls\u00e0 preveu un manteniment continuat de manera que la evoluci\u00f3 del tractament de les dades personals dins de la organitzaci\u00f3 sempre sigui analitzat i valorat des de la perspectiva de la responsabilitat proactiva.<\/p><\/div>\n\t\t\t\t<\/div>\n\t\t\t\t\t\t\t<div class=\"elementor-accordion-item\">\n\t\t\t\t\t<h2 id=\"elementor-tab-title-2333\" class=\"elementor-tab-title\" data-tab=\"3\" role=\"button\" aria-controls=\"elementor-tab-content-2333\" aria-expanded=\"false\">\n\t\t\t\t\t\t\t\t\t\t\t\t\t<span class=\"elementor-accordion-icon elementor-accordion-icon-left\" aria-hidden=\"true\">\n\t\t\t\t\t\t\t\t\t\t\t\t\t\t\t<span class=\"elementor-accordion-icon-closed\"><svg xmlns=\"http:\/\/www.w3.org\/2000\/svg\" xmlns:xlink=\"http:\/\/www.w3.org\/1999\/xlink\" id=\"Layer_1\" x=\"0px\" y=\"0px\" viewBox=\"0 0 200 200\" style=\"enable-background:new 0 0 200 200;\" xml:space=\"preserve\"><style type=\"text\/css\">\t.st0{fill:#08090A;}<\/style><g>\t<path class=\"st0\" d=\"M139,169.4H61c-0.8,0-1.5-0.4-1.8-1.1c-0.4-0.7-0.4-1.5,0-2.1l4.7-7.8l56.4-92c0.6-1,1.9-1.3,2.9-0.7  c1,0.6,1.3,1.9,0.7,2.9l-56.4,92l-2.8,4.6h73.1l37.8-65l-37.8-65H62.2l-37.8,65L56.9,156c0.6,1,0.2,2.3-0.8,2.9  c-1,0.6-2.3,0.2-2.9-0.8l-33.1-57c-0.4-0.7-0.4-1.5,0-2.1l39-67.1c0.4-0.6,1.1-1,1.8-1h78c0.7,0,1.4,0.4,1.8,1l39,67.1  c0.4,0.7,0.4,1.5,0,2.1l-39,67.1C140.4,169,139.7,169.4,139,169.4\"><\/path>\t<path class=\"st0\" d=\"M90.7,120.7c-1.2,0-2.1-0.9-2.1-2.1c0-1.2,0.9-2.1,2.1-2.1l76.9-0.6h0c1.2,0,2.1,0.9,2.1,2.1  c0,1.2-0.9,2.1-2.1,2.1L90.7,120.7L90.7,120.7z\"><\/path><\/g><\/svg><\/span>\n\t\t\t\t\t\t\t\t<span class=\"elementor-accordion-icon-opened\"><svg xmlns=\"http:\/\/www.w3.org\/2000\/svg\" xmlns:xlink=\"http:\/\/www.w3.org\/1999\/xlink\" id=\"Layer_1\" x=\"0px\" y=\"0px\" viewBox=\"0 0 200 200\" style=\"enable-background:new 0 0 200 200;\" xml:space=\"preserve\"><style type=\"text\/css\">\t.st0{fill:#08090A;}<\/style><g>\t<path class=\"st0\" d=\"M139,169.4H61c-0.8,0-1.5-0.4-1.8-1.1c-0.4-0.7-0.4-1.5,0-2.1l4.7-7.8l56.4-92c0.6-1,1.9-1.3,2.9-0.7  c1,0.6,1.3,1.9,0.7,2.9l-56.4,92l-2.8,4.6h73.1l37.8-65l-37.8-65H62.2l-37.8,65L56.9,156c0.6,1,0.2,2.3-0.8,2.9  c-1,0.6-2.3,0.2-2.9-0.8l-33.1-57c-0.4-0.7-0.4-1.5,0-2.1l39-67.1c0.4-0.6,1.1-1,1.8-1h78c0.7,0,1.4,0.4,1.8,1l39,67.1  c0.4,0.7,0.4,1.5,0,2.1l-39,67.1C140.4,169,139.7,169.4,139,169.4\"><\/path>\t<path class=\"st0\" d=\"M90.7,120.7c-1.2,0-2.1-0.9-2.1-2.1c0-1.2,0.9-2.1,2.1-2.1l76.9-0.6h0c1.2,0,2.1,0.9,2.1,2.1  c0,1.2-0.9,2.1-2.1,2.1L90.7,120.7L90.7,120.7z\"><\/path><\/g><\/svg><\/span>\n\t\t\t\t\t\t\t\t\t\t\t\t\t\t<\/span>\n\t\t\t\t\t\t\t\t\t\t\t\t<a class=\"elementor-accordion-title\" tabindex=\"0\">Servicios que ofrecemos:<\/a>\n\t\t\t\t\t<\/h2>\n\t\t\t\t\t<div id=\"elementor-tab-content-2333\" class=\"elementor-tab-content elementor-clearfix\" data-tab=\"3\" role=\"region\" aria-labelledby=\"elementor-tab-title-2333\"><ul><li><strong>ELABORACI\u00d3N DEL REGISTRO DE ACTIVIDADES DE TRATAMIENTO<\/strong><\/li><li><strong>POL\u00cdTICAS SOBRE LA GESTI\u00d3N DE LAS MEDIDAS DE SEGURIDAD<\/strong><\/li><li><strong>DOCUMENTACI\u00d3N LEGAL SEG\u00daN LOS TIPO DE TRATAMIENTOS<\/strong><\/li><li><strong>INSTRUCCIONES Y DOCUMENTACI\u00d3N PARA ATENDER LOS DERECHOS DE LOS INTERESADOS<\/strong><\/li><li><strong>INSTRUCCIONES SOBRE LA ATENCI\u00d3N DE VIOLACIONES DE SEGURIDAD Y REGISTRO DE INCIDENCIAS<\/strong><\/li><li><strong>AN\u00c1LISIS DE RIESGOS SOBRE LOS TRATAMIENTOS DE LOS DATOS PERSONALES<\/strong><\/li><li><strong>REGISTRO Y DOCUMENTACI\u00d3N PARA ENCARGADOS DEL TRATAMIENTO<\/strong><\/li><li><strong>DOCUMENTACI\u00d3N RELATIVA AL SISTEMA DE VIDEOVIGILANCIA<\/strong><\/li><li><strong>CL\u00c1USULAS PARA LA P\u00c1GINA WEB<\/strong><\/li><li><strong>ASESORAMIENTO y ACOMPA\u00d1AMIENTO CONTINUADO<\/strong><\/li><li><strong>DESIGNACI\u00d3N DE DPO EN AQUELLOS CASOS QUE SEA OBLIGATORIO<\/strong><\/li><li><strong>ACCESO A TODA LA DOCUMENTACI\u00d3N A TRAV\u00c9S DE UNA PLATAFORMA EN LA NUBE<\/strong><\/li><\/ul><\/div>\n\t\t\t\t<\/div>\n\t\t\t\t\t\t\t\t<\/div>\n\t\t\t\t\t\t<\/div>\n\t\t\t\t<\/div>\n\t\t\t\t\t<\/div>\n\t\t<\/div>\n\t\t\t\t\t<\/div>\n\t\t<\/section>\n\t\t\t\t<\/div>\n\t\t","protected":false},"excerpt":{"rendered":"<p>ASESOR\u00cdA INTEGRAL CON EXPERI\u00c8NCIA CONTRASTADA Protecci\u00f3n de datos El \u00e1rea de implementaci\u00f3n y adecuaci\u00f3n de la ley de protecci\u00f3n de datos en la empresa te ofrece un servicio personalizado para dar respuesta a las obligaciones legales a las que se refieren la normativa vigente sobre esta tem\u00e1tica: El Reglamento (UE) 2016\/679 del Parlamento Europeo y [&hellip;]<\/p>\n","protected":false},"author":1,"featured_media":0,"parent":15037,"menu_order":0,"comment_status":"closed","ping_status":"closed","template":"page-full-width.php","meta":{"inline_featured_image":false,"footnotes":""},"class_list":["post-15132","page","type-page","status-publish","hentry"],"yoast_head":"<!-- This site is optimized with the Yoast SEO plugin v27.4 - https:\/\/yoast.com\/product\/yoast-seo-wordpress\/ -->\n<title>Protecci\u00f3n de datos | Lleal Tuls\u00e0 Assessors | Servicios<\/title>\n<meta name=\"description\" content=\"Servicio personalizado para dar respuesta a las obligaciones legales a las que hacen referencia la normativa vigente sobre esta tem\u00e1tica.\" \/>\n<meta name=\"robots\" content=\"index, follow, max-snippet:-1, max-image-preview:large, max-video-preview:-1\" \/>\n<link rel=\"canonical\" href=\"https:\/\/www.llealtulsa.com\/serveis\/proteccio-de-dades\/\" \/>\n<meta property=\"og:locale\" content=\"es_ES\" \/>\n<meta property=\"og:type\" content=\"article\" \/>\n<meta property=\"og:title\" content=\"Protecci\u00f3n de datos | Lleal Tuls\u00e0 Assessors | Servicios\" \/>\n<meta property=\"og:description\" content=\"Servicio personalizado para dar respuesta a las obligaciones legales a las que hacen referencia la normativa vigente sobre esta tem\u00e1tica.\" \/>\n<meta property=\"og:url\" content=\"https:\/\/www.llealtulsa.com\/serveis\/proteccio-de-dades\/\" \/>\n<meta property=\"og:site_name\" content=\"Lleal Tuls\u00e0 Assessors\" \/>\n<meta property=\"article:publisher\" content=\"https:\/\/www.facebook.com\/LlealTulsaAssessors\" \/>\n<meta property=\"article:modified_time\" content=\"2023-11-17T08:29:27+00:00\" \/>\n<meta name=\"twitter:label1\" content=\"Tiempo de lectura\" \/>\n\t<meta name=\"twitter:data1\" content=\"3 minutos\" \/>\n<script type=\"application\/ld+json\" class=\"yoast-schema-graph\">{\"@context\":\"https:\\\/\\\/schema.org\",\"@graph\":[{\"@type\":\"WebPage\",\"@id\":\"https:\\\/\\\/www.llealtulsa.com\\\/serveis\\\/proteccio-de-dades\\\/\",\"url\":\"https:\\\/\\\/www.llealtulsa.com\\\/serveis\\\/proteccio-de-dades\\\/\",\"name\":\"Protecci\u00f3n de datos | Lleal Tuls\u00e0 Assessors | Servicios\",\"isPartOf\":{\"@id\":\"https:\\\/\\\/www.llealtulsa.com\\\/#website\"},\"datePublished\":\"2022-03-29T14:22:02+00:00\",\"dateModified\":\"2023-11-17T08:29:27+00:00\",\"description\":\"Servicio personalizado para dar respuesta a las obligaciones legales a las que hacen referencia la normativa vigente sobre esta tem\u00e1tica.\",\"breadcrumb\":{\"@id\":\"https:\\\/\\\/www.llealtulsa.com\\\/serveis\\\/proteccio-de-dades\\\/#breadcrumb\"},\"inLanguage\":\"es\",\"potentialAction\":[{\"@type\":\"ReadAction\",\"target\":[\"https:\\\/\\\/www.llealtulsa.com\\\/serveis\\\/proteccio-de-dades\\\/\"]}]},{\"@type\":\"BreadcrumbList\",\"@id\":\"https:\\\/\\\/www.llealtulsa.com\\\/serveis\\\/proteccio-de-dades\\\/#breadcrumb\",\"itemListElement\":[{\"@type\":\"ListItem\",\"position\":1,\"name\":\"Inici\",\"item\":\"https:\\\/\\\/www.llealtulsa.com\\\/\"},{\"@type\":\"ListItem\",\"position\":2,\"name\":\"Nuestros servicios\",\"item\":\"https:\\\/\\\/www.llealtulsa.com\\\/es\\\/servicios\\\/\"},{\"@type\":\"ListItem\",\"position\":3,\"name\":\"Protecci\u00f3n de datos\"}]},{\"@type\":\"WebSite\",\"@id\":\"https:\\\/\\\/www.llealtulsa.com\\\/#website\",\"url\":\"https:\\\/\\\/www.llealtulsa.com\\\/\",\"name\":\"Lleal Tuls\u00e0 Assessors\",\"description\":\"Asesoramiento integral para particulares y empresas desde 1984\",\"publisher\":{\"@id\":\"https:\\\/\\\/www.llealtulsa.com\\\/#organization\"},\"potentialAction\":[{\"@type\":\"SearchAction\",\"target\":{\"@type\":\"EntryPoint\",\"urlTemplate\":\"https:\\\/\\\/www.llealtulsa.com\\\/?s={search_term_string}\"},\"query-input\":{\"@type\":\"PropertyValueSpecification\",\"valueRequired\":true,\"valueName\":\"search_term_string\"}}],\"inLanguage\":\"es\"},{\"@type\":\"Organization\",\"@id\":\"https:\\\/\\\/www.llealtulsa.com\\\/#organization\",\"name\":\"Lleal Tuls\u00e0\",\"url\":\"https:\\\/\\\/www.llealtulsa.com\\\/\",\"logo\":{\"@type\":\"ImageObject\",\"inLanguage\":\"es\",\"@id\":\"https:\\\/\\\/www.llealtulsa.com\\\/#\\\/schema\\\/logo\\\/image\\\/\",\"url\":\"https:\\\/\\\/www.llealtulsa.com\\\/wp-content\\\/uploads\\\/2014\\\/04\\\/logo-lleal-tulsa-500px.png\",\"contentUrl\":\"https:\\\/\\\/www.llealtulsa.com\\\/wp-content\\\/uploads\\\/2014\\\/04\\\/logo-lleal-tulsa-500px.png\",\"width\":500,\"height\":150,\"caption\":\"Lleal Tuls\u00e0\"},\"image\":{\"@id\":\"https:\\\/\\\/www.llealtulsa.com\\\/#\\\/schema\\\/logo\\\/image\\\/\"},\"sameAs\":[\"https:\\\/\\\/www.facebook.com\\\/LlealTulsaAssessors\",\"https:\\\/\\\/x.com\\\/lleal_tulsa\",\"https:\\\/\\\/www.instagram.com\\\/llealtulsa\\\/\",\"https:\\\/\\\/www.linkedin.com\\\/company\\\/lleal-tuls-assessors\\\/\",\"https:\\\/\\\/www.youtube.com\\\/channel\\\/UCxLROGtt5RbLQakAFn6dVqw\"]}]}<\/script>\n<!-- \/ Yoast SEO plugin. -->","yoast_head_json":{"title":"Protecci\u00f3n de datos | Lleal Tuls\u00e0 Assessors | Servicios","description":"Servicio personalizado para dar respuesta a las obligaciones legales a las que hacen referencia la normativa vigente sobre esta tem\u00e1tica.","robots":{"index":"index","follow":"follow","max-snippet":"max-snippet:-1","max-image-preview":"max-image-preview:large","max-video-preview":"max-video-preview:-1"},"canonical":"https:\/\/www.llealtulsa.com\/serveis\/proteccio-de-dades\/","og_locale":"es_ES","og_type":"article","og_title":"Protecci\u00f3n de datos | Lleal Tuls\u00e0 Assessors | Servicios","og_description":"Servicio personalizado para dar respuesta a las obligaciones legales a las que hacen referencia la normativa vigente sobre esta tem\u00e1tica.","og_url":"https:\/\/www.llealtulsa.com\/serveis\/proteccio-de-dades\/","og_site_name":"Lleal Tuls\u00e0 Assessors","article_publisher":"https:\/\/www.facebook.com\/LlealTulsaAssessors","article_modified_time":"2023-11-17T08:29:27+00:00","twitter_misc":{"Tiempo de lectura":"3 minutos"},"schema":{"@context":"https:\/\/schema.org","@graph":[{"@type":"WebPage","@id":"https:\/\/www.llealtulsa.com\/serveis\/proteccio-de-dades\/","url":"https:\/\/www.llealtulsa.com\/serveis\/proteccio-de-dades\/","name":"Protecci\u00f3n de datos | Lleal Tuls\u00e0 Assessors | Servicios","isPartOf":{"@id":"https:\/\/www.llealtulsa.com\/#website"},"datePublished":"2022-03-29T14:22:02+00:00","dateModified":"2023-11-17T08:29:27+00:00","description":"Servicio personalizado para dar respuesta a las obligaciones legales a las que hacen referencia la normativa vigente sobre esta tem\u00e1tica.","breadcrumb":{"@id":"https:\/\/www.llealtulsa.com\/serveis\/proteccio-de-dades\/#breadcrumb"},"inLanguage":"es","potentialAction":[{"@type":"ReadAction","target":["https:\/\/www.llealtulsa.com\/serveis\/proteccio-de-dades\/"]}]},{"@type":"BreadcrumbList","@id":"https:\/\/www.llealtulsa.com\/serveis\/proteccio-de-dades\/#breadcrumb","itemListElement":[{"@type":"ListItem","position":1,"name":"Inici","item":"https:\/\/www.llealtulsa.com\/"},{"@type":"ListItem","position":2,"name":"Nuestros servicios","item":"https:\/\/www.llealtulsa.com\/es\/servicios\/"},{"@type":"ListItem","position":3,"name":"Protecci\u00f3n de datos"}]},{"@type":"WebSite","@id":"https:\/\/www.llealtulsa.com\/#website","url":"https:\/\/www.llealtulsa.com\/","name":"Lleal Tuls\u00e0 Assessors","description":"Asesoramiento integral para particulares y empresas desde 1984","publisher":{"@id":"https:\/\/www.llealtulsa.com\/#organization"},"potentialAction":[{"@type":"SearchAction","target":{"@type":"EntryPoint","urlTemplate":"https:\/\/www.llealtulsa.com\/?s={search_term_string}"},"query-input":{"@type":"PropertyValueSpecification","valueRequired":true,"valueName":"search_term_string"}}],"inLanguage":"es"},{"@type":"Organization","@id":"https:\/\/www.llealtulsa.com\/#organization","name":"Lleal Tuls\u00e0","url":"https:\/\/www.llealtulsa.com\/","logo":{"@type":"ImageObject","inLanguage":"es","@id":"https:\/\/www.llealtulsa.com\/#\/schema\/logo\/image\/","url":"https:\/\/www.llealtulsa.com\/wp-content\/uploads\/2014\/04\/logo-lleal-tulsa-500px.png","contentUrl":"https:\/\/www.llealtulsa.com\/wp-content\/uploads\/2014\/04\/logo-lleal-tulsa-500px.png","width":500,"height":150,"caption":"Lleal Tuls\u00e0"},"image":{"@id":"https:\/\/www.llealtulsa.com\/#\/schema\/logo\/image\/"},"sameAs":["https:\/\/www.facebook.com\/LlealTulsaAssessors","https:\/\/x.com\/lleal_tulsa","https:\/\/www.instagram.com\/llealtulsa\/","https:\/\/www.linkedin.com\/company\/lleal-tuls-assessors\/","https:\/\/www.youtube.com\/channel\/UCxLROGtt5RbLQakAFn6dVqw"]}]}},"_links":{"self":[{"href":"https:\/\/www.llealtulsa.com\/es\/wp-json\/wp\/v2\/pages\/15132","targetHints":{"allow":["GET"]}}],"collection":[{"href":"https:\/\/www.llealtulsa.com\/es\/wp-json\/wp\/v2\/pages"}],"about":[{"href":"https:\/\/www.llealtulsa.com\/es\/wp-json\/wp\/v2\/types\/page"}],"author":[{"embeddable":true,"href":"https:\/\/www.llealtulsa.com\/es\/wp-json\/wp\/v2\/users\/1"}],"replies":[{"embeddable":true,"href":"https:\/\/www.llealtulsa.com\/es\/wp-json\/wp\/v2\/comments?post=15132"}],"version-history":[{"count":5,"href":"https:\/\/www.llealtulsa.com\/es\/wp-json\/wp\/v2\/pages\/15132\/revisions"}],"predecessor-version":[{"id":17107,"href":"https:\/\/www.llealtulsa.com\/es\/wp-json\/wp\/v2\/pages\/15132\/revisions\/17107"}],"up":[{"embeddable":true,"href":"https:\/\/www.llealtulsa.com\/es\/wp-json\/wp\/v2\/pages\/15037"}],"wp:attachment":[{"href":"https:\/\/www.llealtulsa.com\/es\/wp-json\/wp\/v2\/media?parent=15132"}],"curies":[{"name":"wp","href":"https:\/\/api.w.org\/{rel}","templated":true}]}}